{"id":1031,"date":"2023-02-25T09:50:59","date_gmt":"2023-02-25T12:50:59","guid":{"rendered":"https:\/\/isfdyt239-bue.infd.edu.ar\/sitio\/?page_id=1031"},"modified":"2025-06-11T20:33:56","modified_gmt":"2025-06-11T23:33:56","slug":"cursadas-acompanante","status":"publish","type":"page","link":"https:\/\/isfdyt239-bue.infd.edu.ar\/sitio\/carreras\/acompanamiento\/cursadas-acompanante\/","title":{"rendered":"Sobre las Cursadas"},"content":{"rendered":"\n<p>En la presente grilla se encuentran los d\u00edas, horarios y sede de las cursadas de cada materia que forma parte de la Tecnicatura Superior en Acompa\u00f1amiento Terap\u00e9utico<\/p>\n\n\n\n<h4 class=\"wp-block-heading has-text-align-center\">Primer a\u00f1o<\/h4>\n\n\n\n<figure class=\"wp-block-table alignfull\"><table><tbody><tr><td class=\"has-text-align-center\" data-align=\"center\"><strong>Materia<\/strong><\/td><td class=\"has-text-align-center\" data-align=\"center\"><strong>D\u00eda<\/strong><\/td><td class=\"has-text-align-center\" data-align=\"center\"><strong>Horario<\/strong><\/td><td class=\"has-text-align-center\" data-align=\"center\"><strong>Docente<\/strong><\/td><td class=\"has-text-align-center\" data-align=\"center\"><\/td><\/tr><tr><td class=\"has-text-align-center\" data-align=\"center\">Pr\u00e1ctica Profesional 1<\/td><td class=\"has-text-align-center\" data-align=\"center\">Martes**<\/td><td class=\"has-text-align-center\" data-align=\"center\">15 a 18<\/td><td class=\"has-text-align-center\" data-align=\"center\">Prof. Ana Laura Sosa<\/td><td class=\"has-text-align-center\" data-align=\"center\"><\/td><\/tr><tr><td class=\"has-text-align-center\" data-align=\"center\">Salud P\u00fablica y Salud Mental<\/td><td class=\"has-text-align-center\" data-align=\"center\">Jueves*<\/td><td class=\"has-text-align-center\" data-align=\"center\">18 a 20<\/td><td class=\"has-text-align-center\" data-align=\"center\">Prof. <\/td><td class=\"has-text-align-center\" data-align=\"center\"><\/td><\/tr><tr><td class=\"has-text-align-center\" data-align=\"center\">Principios M\u00e9dicos y de Psicofarmacolog\u00eda<\/td><td class=\"has-text-align-center\" data-align=\"center\">Jueves*<\/td><td class=\"has-text-align-center\" data-align=\"center\">18 a 20<\/td><td class=\"has-text-align-center\" data-align=\"center\">Prof. Mar\u00eda Isabel Barrios<\/td><td class=\"has-text-align-center\" data-align=\"center\"><\/td><\/tr><tr><td class=\"has-text-align-center\" data-align=\"center\">Psicolog\u00eda de los Ciclos Vitales<\/td><td class=\"has-text-align-center\" data-align=\"center\">Jueves<\/td><td class=\"has-text-align-center\" data-align=\"center\">20 a 22<\/td><td class=\"has-text-align-center\" data-align=\"center\">Prof. Maria Fernanda Silva<\/td><td class=\"has-text-align-center\" data-align=\"center\"><\/td><\/tr><tr><td class=\"has-text-align-center\" data-align=\"center\">Contextualizaci\u00f3n del Campo Profesional del Acompa\u00f1amiento Terap\u00e9utico<\/td><td class=\"has-text-align-center\" data-align=\"center\">Viernes<\/td><td class=\"has-text-align-center\" data-align=\"center\">18 a 20<\/td><td class=\"has-text-align-center\" data-align=\"center\">Prof. Julieta Tealdi<\/td><td class=\"has-text-align-center\" data-align=\"center\"><\/td><\/tr><tr><td class=\"has-text-align-center\" data-align=\"center\">Psicopatolog\u00eda<\/td><td class=\"has-text-align-center\" data-align=\"center\">Viernes<\/td><td class=\"has-text-align-center\" data-align=\"center\">20 a 22<\/td><td class=\"has-text-align-center\" data-align=\"center\">Prof. Gustavo Corvera<\/td><td class=\"has-text-align-center\" data-align=\"center\"><\/td><\/tr><tr><td class=\"has-text-align-center\" data-align=\"center\">Fundamentos de Psicolog\u00eda General y de Intervenci\u00f3n Sociocomunitaria<\/td><td class=\"has-text-align-center\" data-align=\"center\">S\u00e1bado<\/td><td class=\"has-text-align-center\" data-align=\"center\">8 a 10<\/td><td class=\"has-text-align-center\" data-align=\"center\">Prof. Estela Mill\u00e1n<\/td><td class=\"has-text-align-center\" data-align=\"center\"><\/td><\/tr><tr><td class=\"has-text-align-center\" data-align=\"center\">Modalidades de Intervenci\u00f3n en el Acompa\u00f1amiento Terap\u00e9utico<\/td><td class=\"has-text-align-center\" data-align=\"center\">S\u00e1bado<\/td><td class=\"has-text-align-center\" data-align=\"center\">10 a 13<\/td><td class=\"has-text-align-center\" data-align=\"center\">Prof. Ana Laura Sosa<\/td><td class=\"has-text-align-center\" data-align=\"center\"><\/td><\/tr><\/tbody><\/table><figcaption class=\"wp-element-caption\">* Materias en Pr\u00e1cticas Pedag\u00f3gicas Combinadas (PPC), se cursan de manera presencial en forma quincenal, mientras que la semana no presencial es de forma asincr\u00f3nica.<br>**La carga horaria te\u00f3rica restante corresponde a los d\u00edas s\u00e1bados, a abordar en conjunto con la docente.<\/figcaption><\/figure>\n\n\n\n<h4 class=\"wp-block-heading has-text-align-center\">Segundo a\u00f1o<\/h4>\n\n\n\n<figure class=\"wp-block-table alignfull\"><table><tbody><tr><td class=\"has-text-align-center\" data-align=\"center\"><strong>Materia<\/strong><\/td><td class=\"has-text-align-center\" data-align=\"center\"><strong>D\u00eda<\/strong><\/td><td class=\"has-text-align-center\" data-align=\"center\"><strong>Horario<\/strong><\/td><td class=\"has-text-align-center\" data-align=\"center\"><strong>Docente<\/strong><\/td><td class=\"has-text-align-center\" data-align=\"center\"><\/td><\/tr><tr><td class=\"has-text-align-center\" data-align=\"center\">Modelos de ocupaci\u00f3n humana<\/td><td class=\"has-text-align-center\" data-align=\"center\">Mi\u00e9rcoles*<\/td><td class=\"has-text-align-center\" data-align=\"center\"><\/td><td class=\"has-text-align-center\" data-align=\"center\">Prof. Maria Laura Parodi<\/td><td class=\"has-text-align-center\" data-align=\"center\"><\/td><\/tr><tr><td class=\"has-text-align-center\" data-align=\"center\">Investigaci\u00f3n en Salud<\/td><td class=\"has-text-align-center\" data-align=\"center\">Mi\u00e9rcoles*<\/td><td class=\"has-text-align-center\" data-align=\"center\"><\/td><td class=\"has-text-align-center\" data-align=\"center\">Prof. Sof\u00eda Pinco<\/td><td class=\"has-text-align-center\" data-align=\"center\"><\/td><\/tr><tr><td class=\"has-text-align-center\" data-align=\"center\">Acompa\u00f1amiento Terap\u00e9utico<\/td><td class=\"has-text-align-center\" data-align=\"center\">Mi\u00e9rcoles<\/td><td class=\"has-text-align-center\" data-align=\"center\"><\/td><td class=\"has-text-align-center\" data-align=\"center\">Prof. Ana Laura Sosa<\/td><td class=\"has-text-align-center\" data-align=\"center\"><\/td><\/tr><tr><td class=\"has-text-align-center\" data-align=\"center\">Pr\u00e1ctica Profesional 2<\/td><td class=\"has-text-align-center\" data-align=\"center\">Jueves<\/td><td class=\"has-text-align-center\" data-align=\"center\">15 a 18<\/td><td class=\"has-text-align-center\" data-align=\"center\">Prof. Fernando Magadan<\/td><td class=\"has-text-align-center\" data-align=\"center\"><\/td><\/tr><tr><td class=\"has-text-align-center\" data-align=\"center\">Psicolog\u00eda de grupos<\/td><td class=\"has-text-align-center\" data-align=\"center\">Viernes**<\/td><td class=\"has-text-align-center\" data-align=\"center\"><\/td><td class=\"has-text-align-center\" data-align=\"center\">Prof. Estela Mill\u00e1n<\/td><td class=\"has-text-align-center\" data-align=\"center\"><\/td><\/tr><tr><td class=\"has-text-align-center\" data-align=\"center\">Sistemas familiares<\/td><td class=\"has-text-align-center\" data-align=\"center\">Viernes**<\/td><td class=\"has-text-align-center\" data-align=\"center\"><\/td><td class=\"has-text-align-center\" data-align=\"center\">Prof. Gustavo Corvera<\/td><td class=\"has-text-align-center\" data-align=\"center\"><\/td><\/tr><tr><td class=\"has-text-align-center\" data-align=\"center\">\u00c9tica<\/td><td class=\"has-text-align-center\" data-align=\"center\">Viernes***<\/td><td class=\"has-text-align-center\" data-align=\"center\">20 a 22<\/td><td class=\"has-text-align-center\" data-align=\"center\">Prof. Lautaro Olarte<\/td><td class=\"has-text-align-center\" data-align=\"center\"><\/td><\/tr><tr><td class=\"has-text-align-center\" data-align=\"center\">Psicofarmacolog\u00eda<\/td><td class=\"has-text-align-center\" data-align=\"center\">Viernes***<\/td><td class=\"has-text-align-center\" data-align=\"center\">20 a 22<\/td><td class=\"has-text-align-center\" data-align=\"center\">Prof. Moreno Mauro<\/td><td class=\"has-text-align-center\" data-align=\"center\"><\/td><\/tr><\/tbody><\/table><figcaption class=\"wp-element-caption\">*Materias en Pr\u00e1cticas Pedag\u00f3gicas Combinadas (PPC), se cursan de manera presencial en forma quincenal, mientras que la semana no presencial es de forma asincr\u00f3nica.<br>**Materias en Pr\u00e1cticas Pedag\u00f3gicas Combinadas (PPC), se cursan de manera presencial en forma quincenal, mientras que la semana no presencial es de forma asincr\u00f3nica.<br>***Materias en Pr\u00e1cticas Pedag\u00f3gicas Combinadas (PPC), se cursan de manera presencial en forma quincenal, mientras que la semana no presencial es de forma asincr\u00f3nica.<\/figcaption><\/figure>\n\n\n\n<h4 class=\"wp-block-heading has-text-align-center\">Tercer a\u00f1o<\/h4>\n\n\n\n<p>A\u00fan sin cohorte abierta<\/p>\n\n\n\n<h2 class=\"wp-block-heading has-text-align-center\"><\/h2>\n\n\n\n<div class=\"wp-block-columns is-layout-flex wp-container-3\">\n<div class=\"wp-block-column is-layout-flow\"><\/div>\n\n\n\n<div class=\"wp-block-column is-layout-flow\"><\/div>\n<\/div>\n","protected":false},"excerpt":{"rendered":"<p>En la presente grilla se encuentran los d\u00edas, horarios y sede de las cursadas de cada materia que forma parte de la Tecnicatura Superior en Acompa\u00f1amiento Terap\u00e9utico Primer a\u00f1o Materia D\u00eda Horario Docente Pr\u00e1ctica Profesional 1 Martes** 15 a 18 Prof. Ana Laura Sosa Salud P\u00fablica y Salud Mental Jueves* 18 a 20 Prof. Principios &#8230; <a title=\"Sobre las Cursadas\" class=\"read-more\" href=\"https:\/\/isfdyt239-bue.infd.edu.ar\/sitio\/carreras\/acompanamiento\/cursadas-acompanante\/\" aria-label=\"M\u00e1s en Sobre las Cursadas\">[+]<\/a><\/p>\n","protected":false},"author":18,"featured_media":0,"parent":1019,"menu_order":0,"comment_status":"closed","ping_status":"closed","template":"","meta":[],"acf":[],"_links":{"self":[{"href":"https:\/\/isfdyt239-bue.infd.edu.ar\/sitio\/wp-json\/wp\/v2\/pages\/1031"}],"collection":[{"href":"https:\/\/isfdyt239-bue.infd.edu.ar\/sitio\/wp-json\/wp\/v2\/pages"}],"about":[{"href":"https:\/\/isfdyt239-bue.infd.edu.ar\/sitio\/wp-json\/wp\/v2\/types\/page"}],"author":[{"embeddable":true,"href":"https:\/\/isfdyt239-bue.infd.edu.ar\/sitio\/wp-json\/wp\/v2\/users\/18"}],"replies":[{"embeddable":true,"href":"https:\/\/isfdyt239-bue.infd.edu.ar\/sitio\/wp-json\/wp\/v2\/comments?post=1031"}],"version-history":[{"count":26,"href":"https:\/\/isfdyt239-bue.infd.edu.ar\/sitio\/wp-json\/wp\/v2\/pages\/1031\/revisions"}],"predecessor-version":[{"id":1382,"href":"https:\/\/isfdyt239-bue.infd.edu.ar\/sitio\/wp-json\/wp\/v2\/pages\/1031\/revisions\/1382"}],"up":[{"embeddable":true,"href":"https:\/\/isfdyt239-bue.infd.edu.ar\/sitio\/wp-json\/wp\/v2\/pages\/1019"}],"wp:attachment":[{"href":"https:\/\/isfdyt239-bue.infd.edu.ar\/sitio\/wp-json\/wp\/v2\/media?parent=1031"}],"curies":[{"name":"wp","href":"https:\/\/api.w.org\/{rel}","templated":true}]}}